{"id":2778,"date":"2025-01-28T21:53:45","date_gmt":"2025-01-28T21:53:45","guid":{"rendered":"https:\/\/www.formation-wp.vallees-connectees.alsace\/michele\/?page_id=2778"},"modified":"2026-03-17T20:51:44","modified_gmt":"2026-03-17T19:51:44","slug":"programmation","status":"publish","type":"page","link":"https:\/\/munsterjazz.fr\/index.php\/programmation\/","title":{"rendered":"Programmation"},"content":{"rendered":"\n<h2 class=\"kt-adv-heading2778_5baf21-49 wp-block-kadence-advancedheading\" data-kb-block=\"kb-adv-heading2778_5baf21-49\"><strong>Programmation 2026<\/strong><\/h2>\n\n\n\n<div class=\"wp-block-kadence-accordion alignnone\"><div class=\"kt-accordion-wrap kt-accordion-id2778_0921cc-d3 kt-accordion-has-6-panes kt-active-pane-0 kt-accordion-block kt-pane-header-alignment-left kt-accodion-icon-style-basic kt-accodion-icon-side-right\" style=\"max-width:none\"><div class=\"kt-accordion-inner-wrap\" data-allow-multiple-open=\"false\" data-start-open=\"0\">\n<div class=\"wp-block-kadence-pane kt-accordion-pane kt-accordion-pane-1 kt-pane2778_276f7b-07\" id=\"samedi_9\"><div class=\"kt-accordion-header-wrap\"><button class=\"kt-blocks-accordion-header kt-acccordion-button-label-show\" type=\"button\"><span class=\"kt-blocks-accordion-title-wrap\"><span class=\"kt-blocks-accordion-title\">Samedi 9 mai<\/span><\/span><span class=\"kt-blocks-accordion-icon-trigger\"><\/span><\/button><\/div><div class=\"kt-accordion-panel kt-accordion-panel-hidden\"><div class=\"kt-accordion-panel-inner\"><div class='pt-cv-wrapper'> <div class=\"pt-cv-view pt-cv-blockgrid iscvblock iscvreal list1 layout1\" id=\"pt-cv-view-mhjgpvm8\"><div data-id=\"pt-cv-page-1\" class=\"pt-cv-page\" data-cvc=\"1\"><div class=\" pt-cv-content-item pt-cv-2-col\" ><div class=\"pt-cv-thumb-wrapper pull-left \"><a href=\"https:\/\/munsterjazz.fr\/index.php\/2026\/03\/01\/fanfare_splash_2026\/\" class=\"_self pt-cv-href-thumbnail pt-cv-thumb-left\" target=\"_self\" ><img loading=\"lazy\" decoding=\"async\" width=\"768\" height=\"1024\" src=\"https:\/\/munsterjazz.fr\/wp-content\/uploads\/2026\/03\/PhotoGroupeSplash1-768x1024.jpg\" class=\"pt-cv-thumbnail pull-left\" alt=\"\" \/><\/a><\/div>\n<div class=\"pt-cv-colwrap\"><h4 class=\"pt-cv-title\"><a href=\"https:\/\/munsterjazz.fr\/index.php\/2026\/03\/01\/fanfare_splash_2026\/\" class=\"_self\" target=\"_self\" >Fanfare Splash<\/a><\/h4><div class=\"pt-cv-content\">\n<p class=\" eplus-wrapper\">Trois mini concerts, samedi 9 Mai 2026 : 10 h Place du march\u00e9 Munster, 10h45 Grand rue, face Carpe Diem, 11h30 devant le CARAH, rue des Tanneurs.<br \/><\/p>\n\n\n\n<p class=\" eplus-wrapper\">5 \u00e9nergum\u00e8nes en survet&#8217;, qui n&#8217;ont qu&#8217;un seul objectif, vous faire sauter dans tous les sens !<br \/>Une trompette pour mettre l&#8217;ambiance avec des m\u00e9lodies qui vous attrapent les oreilles, un sax alto pour des solos endiabl\u00e9s, un sax baryton pour que vous sentiez vibrer les basses jusque dans vos orteils, un flugabone (avez-vous m\u00eame d\u00e9j\u00e0 entendu parler de cet instrument&#8230;?), et une batterie qui vous montrera toujours sur quel pied danser !<\/p>\n\n\n\n<p class=\" eplus-wrapper\"><strong>Splash : Groupe de techno acoustique festive \u00e0 base de cuivres<\/strong><\/p>\n\n\n\n<p class=\" eplus-wrapper\"><a href=\"https:\/\/www.instagram.com\/splash_brass\/\">@splash-brass<\/a><\/p>\n\n\n\n<p class=\" eplus-wrapper\"><\/p>\n\n\n\n<p class=\" eplus-wrapper\"><\/p>\n\n\n\n<p class=\" eplus-wrapper\"><\/p>\n<\/div><\/div><\/div><\/div><\/div> <\/div> <style>\n\n#pt-cv-view-mhjgpvm8 .pt-cv-meta-fields {  }#pt-cv-view-mhjgpvm8 .pt-cv-meta-fields * { font-size: 13px; }#pt-cv-view-mhjgpvm8 .pt-cv-thumb-wrapper:not(.miniwrap) { width: 40%; }#pt-cv-view-mhjgpvm8 .pt-cv-thumbnail:not(.pt-cv-thumbnailsm) { height: 300px; }#pt-cv-view-mhjgpvm8 .pt-cv-title a { display: block; }#pt-cv-view-mhjgpvm8 .pt-cv-title:not(.pt-cv-titlesm) a { font-weight: 600;text-decoration: none;font-size: 22px; }#pt-cv-view-mhjgpvm8 .pt-cv-titlesm a { font-weight: 600;font-size: 18px; }#pt-cv-view-mhjgpvm8 .pt-cv-content { font-size: 15px; }#pt-cv-view-mhjgpvm8 .pt-cv-rmwrap {  }#pt-cv-view-mhjgpvm8 .pt-cv-readmore { color: #fff;background-color: #0075ff;font-size: 14px; }#pt-cv-view-mhjgpvm8 .pt-cv-taxoterm {  }#pt-cv-view-mhjgpvm8 .pt-cv-taxoterm * { color: #222;background-color: #fff6f6;font-size: 14px; }#pt-cv-view-mhjgpvm8 + .pt-cv-pagination-wrapper {  }#pt-cv-view-mhjgpvm8 + .pt-cv-pagination-wrapper a { font-size: 14px; }#pt-cv-view-mhjgpvm8 > .pt-cv-page {grid-template-columns: repeat(1, 1fr);grid-gap: 0px;}\n@media all and (max-width: 1024px) { \n#pt-cv-view-mhjgpvm8 > .pt-cv-page {grid-template-columns: repeat(1, 1fr);}\n} \n@media all and (max-width: 767px) { \n#pt-cv-view-mhjgpvm8 > .pt-cv-page {grid-template-columns: repeat(1, 1fr);}\n} <\/style><\/div><\/div><\/div>\n\n\n\n<div class=\"wp-block-kadence-pane kt-accordion-pane kt-accordion-pane-2 kt-pane2778_c53e7d-98\" id=\"mercredi_13\"><div class=\"kt-accordion-header-wrap\"><button class=\"kt-blocks-accordion-header kt-acccordion-button-label-show\" type=\"button\"><span class=\"kt-blocks-accordion-title-wrap\"><span class=\"kt-blocks-accordion-title\">Mercredi 13 mai<\/span><\/span><span class=\"kt-blocks-accordion-icon-trigger\"><\/span><\/button><\/div><div class=\"kt-accordion-panel kt-accordion-panel-hidden\"><div class=\"kt-accordion-panel-inner\"><div class='pt-cv-wrapper'> <div class=\"pt-cv-view pt-cv-blockgrid iscvblock iscvreal list1 layout1\" id=\"pt-cv-view-p3tw3db2\"><div data-id=\"pt-cv-page-1\" class=\"pt-cv-page\" data-cvc=\"1\"><div class=\" pt-cv-content-item pt-cv-2-col\" ><div class=\"pt-cv-thumb-wrapper pull-left \"><a href=\"https:\/\/munsterjazz.fr\/index.php\/2026\/03\/01\/la_mecanique_des_songes\/\" class=\"_self pt-cv-href-thumbnail pt-cv-thumb-left\" target=\"_self\" ><img loading=\"lazy\" decoding=\"async\" width=\"768\" height=\"512\" src=\"https:\/\/munsterjazz.fr\/wp-content\/uploads\/2026\/03\/Photo-groupe-2-768x512.jpg\" class=\"pt-cv-thumbnail pull-left\" alt=\"\" \/><\/a><\/div>\n<div class=\"pt-cv-colwrap\"><h4 class=\"pt-cv-title\"><a href=\"https:\/\/munsterjazz.fr\/index.php\/2026\/03\/01\/la_mecanique_des_songes\/\" class=\"_self\" target=\"_self\" >La m\u00e9canique des songes<\/a><\/h4><div class=\"pt-cv-content\">\n<p class=\" eplus-wrapper\">Mercredi 13 mai 2026 : 20h \u00e9glise protestante<br \/>15 \u20ac \/ 12 \u20ac tarif r\u00e9duit*<\/p>\n\n\n\n<div class=\"wp-block-kadence-advancedbtn kb-buttons-wrap kb-btns5288_fd1860-28\"><a class=\"kb-button kt-button button kb-btn5288_0c9b32-3a kt-btn-size-small kt-btn-width-type-auto kb-btn-global-inherit  kt-btn-has-text-true kt-btn-has-svg-false  wp-block-button__link wp-block-kadence-singlebtn\" href=\"https:\/\/www.helloasso.com\/associations\/jazz-festival-de-munster\/evenements\/la-mecanique-des-songes\"><span class=\"kt-btn-inner-text\">BILLETTERIE<\/span><\/a><\/div>\n\n\n\n<p class=\" eplus-wrapper\">Trois voix, un violon et des percussions \u00e0 la crois\u00e9e du jazz et du classique.<\/p>\n\n\n\n<p class=\" eplus-wrapper\">La m\u00e9canique des songes offre un voyage entre compositions originales, interpr\u00e9tation de Debussy, de Saint Sa\u00ebns ou Chopin.<\/p>\n\n\n\n<p class=\" eplus-wrapper\">Po\u00e8mes et improvisations r\u00e9v\u00e8lent la personnalit\u00e9 antistatique de chacune<\/p>\n\n\n\n<p class=\" eplus-wrapper\"><style type=\"text\/css\">p { line-height: 115%; text-align: justify; orphans: 2; widows: 2; margin-bottom: 0.1in; direction: ltr; background: transparent }p.western { font-family: \"Garamond\", serif; font-size: 13pt }p.cjk { font-size: 13pt; so-language: en-US }p.ctl { font-size: 11pt }a:visited { color: #954f72; text-decoration: underline }a:link { color: #44546a; text-decoration: none <\/style><strong>Alba Obert, voix et violon<\/strong><br \/><strong>Mathilde Gardien, voix et percussions<\/strong><br \/><strong>Malou Oheix, voix et percussions<\/strong><\/p>\n\n\n\n<p class=\" eplus-wrapper\"><br \/><a href=\"https:\/\/youtu.be\/tQj5oAsDkD0?is=ZOoAACpZC_CPQzSL\">LA M\u00c9CANIQUE DES SONGES<\/a><br \/><br \/><\/p>\n<\/div><\/div><\/div><\/div><\/div> <\/div> <style>\n\n#pt-cv-view-p3tw3db2 .pt-cv-meta-fields {  }#pt-cv-view-p3tw3db2 .pt-cv-meta-fields * { font-size: 13px; }#pt-cv-view-p3tw3db2 .pt-cv-thumb-wrapper:not(.miniwrap) { width: 40%; }#pt-cv-view-p3tw3db2 .pt-cv-thumbnail:not(.pt-cv-thumbnailsm) { height: 300px; }#pt-cv-view-p3tw3db2 .pt-cv-title a { display: block; }#pt-cv-view-p3tw3db2 .pt-cv-title:not(.pt-cv-titlesm) a { font-weight: 600;text-decoration: none;font-size: 22px; }#pt-cv-view-p3tw3db2 .pt-cv-titlesm a { font-weight: 600;font-size: 18px; }#pt-cv-view-p3tw3db2 .pt-cv-content { font-size: 15px; }#pt-cv-view-p3tw3db2 .pt-cv-rmwrap {  }#pt-cv-view-p3tw3db2 .pt-cv-readmore { color: #fff;background-color: #0075ff;font-size: 14px; }#pt-cv-view-p3tw3db2 .pt-cv-taxoterm {  }#pt-cv-view-p3tw3db2 .pt-cv-taxoterm * { color: #222;background-color: #fff6f6;font-size: 14px; }#pt-cv-view-p3tw3db2 + .pt-cv-pagination-wrapper {  }#pt-cv-view-p3tw3db2 + .pt-cv-pagination-wrapper a { font-size: 14px; }#pt-cv-view-p3tw3db2 > .pt-cv-page {grid-template-columns: repeat(1, 1fr);grid-gap: 0px;}\n@media all and (max-width: 1024px) { \n#pt-cv-view-p3tw3db2 > .pt-cv-page {grid-template-columns: repeat(1, 1fr);}\n} \n@media all and (max-width: 767px) { \n#pt-cv-view-p3tw3db2 > .pt-cv-page {grid-template-columns: repeat(1, 1fr);}\n} <\/style><\/div><\/div><\/div>\n\n\n\n<div class=\"wp-block-kadence-pane kt-accordion-pane kt-accordion-pane-3 kt-pane2778_96cbda-ef\" id=\"jeudi_14\"><div class=\"kt-accordion-header-wrap\"><button class=\"kt-blocks-accordion-header kt-acccordion-button-label-show\" type=\"button\"><span class=\"kt-blocks-accordion-title-wrap\"><span class=\"kt-blocks-accordion-title\">Jeudi 14 mai<\/span><\/span><span class=\"kt-blocks-accordion-icon-trigger\"><\/span><\/button><\/div><div class=\"kt-accordion-panel kt-accordion-panel-hidden\"><div class=\"kt-accordion-panel-inner\"><div class='pt-cv-wrapper'> <div class=\"pt-cv-view pt-cv-blockgrid iscvblock iscvreal list1 layout1\" id=\"pt-cv-view-qa6yt41j\"><div data-id=\"pt-cv-page-1\" class=\"pt-cv-page\" data-cvc=\"1\"><div class=\" pt-cv-content-item pt-cv-2-col\" ><div class=\"pt-cv-thumb-wrapper pull-left \"><a href=\"https:\/\/munsterjazz.fr\/index.php\/2026\/03\/01\/douingka_2026\/\" class=\"_self pt-cv-href-thumbnail pt-cv-thumb-left\" target=\"_self\" ><img loading=\"lazy\" decoding=\"async\" width=\"768\" height=\"512\" src=\"https:\/\/munsterjazz.fr\/wp-content\/uploads\/2026\/03\/c_l_m-25_scaled-768x512.jpg\" class=\"pt-cv-thumbnail pull-left\" alt=\"\" \/><\/a><\/div>\n<div class=\"pt-cv-colwrap\"><h4 class=\"pt-cv-title\"><a href=\"https:\/\/munsterjazz.fr\/index.php\/2026\/03\/01\/douingka_2026\/\" class=\"_self\" target=\"_self\" >DouingKa<\/a><\/h4><div class=\"pt-cv-content\">\n<p class=\" eplus-wrapper\">Jeudi 14 mai 2026 : 18 h Foyer Saint L\u00e9ger<\/p>\n\n\n\n<p class=\" eplus-wrapper\"><strong>Entr\u00e9e libre<\/strong><\/p>\n\n\n\n<p class=\" eplus-wrapper\">Trois musiciens, trois univers singuliers qui convergent pour former une musique authentique, puissante et contrast\u00e9e. Dans un dialogue sensuel entre cordes et peaux, les sons claquent, caressent, ils se cherchent et fusionnent. Le trio fl\u00e2ne au gr\u00e9 du jazz et des musiques du monde et, fort de cr\u00e9ativit\u00e9, n&#8217;h\u00e9site pas \u00e0 sortir des sentiers battus en proposant compositions et arrangements originaux. <br \/>Outre l&#8217;ajout de la voix, qui se m\u00eale subtilement \u00e0 la guitare dans certains morceaux, Douingka a une affection particuli\u00e8re pour les mesures impaires et propose ainsi une musique \u00e9nergique et entra\u00eenante, tr\u00e8s appr\u00e9ci\u00e9e du public. Lucas Marseu, Maxime Epp et Claire Besson se sont rencontr\u00e9s au conservatoire de Strasbourg. <br \/>Si la Catalane et les deux alsaciens ont parfois du mal \u00e0 trouver un terrain d&#8217;entente \u00e0 l&#8217;heure de l&#8217;ap\u00e9ritif, en particulier lorsqu&#8217;il s&#8217;agit de choisir entre le muscat de Rivesaltes et le Gewurztraminer, ils oublient cependant leurs diff\u00e9rents une fois sur sc\u00e8ne et savent accorder leurs jeux \u00e0 la perfection.<\/p>\n\n\n\n<p class=\" eplus-wrapper\"><strong>Claire Besson : guitare<br \/>Lucas Marseu : basse<br \/>Maxime Epp : batterie<\/strong><\/p>\n\n\n\n<p class=\" eplus-wrapper\">Cr\u00e9dit photos : @Hubesphoto<\/p>\n\n\n\n<p class=\" eplus-wrapper\"><a href=\"https:\/\/youtu.be\/NxfuXDzD6s0?is=Kedf8g0KSGSheL2q\">DOUINGKA<\/a><\/p>\n<\/div><\/div><\/div>\n<div class=\" pt-cv-content-item pt-cv-2-col\" ><div class=\"pt-cv-thumb-wrapper pull-left \"><a href=\"https:\/\/munsterjazz.fr\/index.php\/2026\/03\/01\/julia_perminova_trio_2026\/\" class=\"_self pt-cv-href-thumbnail pt-cv-thumb-left\" target=\"_self\" ><img loading=\"lazy\" decoding=\"async\" width=\"768\" height=\"512\" src=\"https:\/\/munsterjazz.fr\/wp-content\/uploads\/2026\/03\/Julia-Perminova-Trio-4-by-Gergo-Nyiro_scaled-768x512.jpeg\" class=\"pt-cv-thumbnail pull-left\" alt=\"\" \/><\/a><\/div>\n<div class=\"pt-cv-colwrap\"><h4 class=\"pt-cv-title\"><a href=\"https:\/\/munsterjazz.fr\/index.php\/2026\/03\/01\/julia_perminova_trio_2026\/\" class=\"_self\" target=\"_self\" >Julia Perminova Trio<\/a><\/h4><div class=\"pt-cv-content\">\n<p class=\" eplus-wrapper\">Jeudi 14 mai 2026 : 20h Espace Culturel Saint Gr\u00e9goire. <\/p>\n\n\n\n<p class=\" eplus-wrapper\">Premi\u00e8re partie : <a href=\"https:\/\/youtu.be\/rvCLDxrHlEc?is=N8Nl-BRt5A_d2rcR\">DREHERT QUARTET<\/a> (laur\u00e9at du tremplin 2026)<\/p>\n\n\n\n<p class=\" eplus-wrapper\">20 \u20ac \/ 15 \u20ac tarif r\u00e9duit*<\/p>\n\n\n\n<div class=\"wp-block-kadence-advancedbtn kb-buttons-wrap kb-btns5294_d750d7-0c\"><a class=\"kb-button kt-button button kb-btn5294_25f07d-fc kt-btn-size-small kt-btn-width-type-auto kb-btn-global-inherit  kt-btn-has-text-true kt-btn-has-svg-false  wp-block-button__link wp-block-kadence-singlebtn\" href=\"https:\/\/www.helloasso.com\/associations\/jazz-festival-de-munster\/evenements\/julia-perminova-trio-tremplin\"><span class=\"kt-btn-inner-text\">BILLETTERIE<\/span><\/a><\/div>\n\n\n\n<p class=\" eplus-wrapper\">Le Julia Perminova Trio, un ensemble dynamique m\u00ealant jazz moderne, classique et fusion, est n\u00e9 il y a cinq ans \u00e0 Amsterdam lors de leurs \u00e9tudes au conservatoire. Le trio est compos\u00e9 de&nbsp;: Julia Perminova au piano, originaire de Russie et vivant en France, le batteur Luis Possolo du Portugal et le bassiste Josef Zeimetz repr\u00e9sentant l&#8217;Allemagne. Chaque membre apporte son h\u00e9ritage culturel au m\u00e9lange, cr\u00e9ant une fusion harmonieuse qui forme un nouvel univers sonore.&nbsp;&nbsp;<br \/>Les concerts du Julia Perminova Trio ne sont pas de simples \u00e9v\u00e9nements musicaux ;&nbsp; ce sont des exp\u00e9riences immersives qui laissent une marque ind\u00e9l\u00e9bile dans le c\u0153ur de ceux qui sont t\u00e9moins de la magie qui se d\u00e9roule.<\/p>\n\n\n\n<p class=\" eplus-wrapper\"><strong>Julia Perminova : piano<br \/>Luis Possolo : batterie<br \/>Josef Zeimetz : guitare basse<\/strong><\/p>\n\n\n\n<p class=\" eplus-wrapper\"><a href=\"https:\/\/youtu.be\/RcmlSobSmKU?is=ml-oj4e2WCNTAM4C\">JULIA PERMINOVA TRIO<\/a><\/p>\n\n\n\n<p class=\" eplus-wrapper\">cr\u00e9dits photos : Gerg\u00f6 Nyir\u00f6<\/p>\n<\/div><\/div><\/div><\/div><\/div> <\/div> <style>\n\n#pt-cv-view-qa6yt41j .pt-cv-meta-fields {  }#pt-cv-view-qa6yt41j .pt-cv-meta-fields * { font-size: 13px; }#pt-cv-view-qa6yt41j .pt-cv-thumb-wrapper:not(.miniwrap) { width: 40%; }#pt-cv-view-qa6yt41j .pt-cv-thumbnail:not(.pt-cv-thumbnailsm) { height: 300px; }#pt-cv-view-qa6yt41j .pt-cv-title a { display: block; }#pt-cv-view-qa6yt41j .pt-cv-title:not(.pt-cv-titlesm) a { font-weight: 600;text-decoration: none;font-size: 22px; }#pt-cv-view-qa6yt41j .pt-cv-titlesm a { font-weight: 600;font-size: 18px; }#pt-cv-view-qa6yt41j .pt-cv-content { font-size: 15px; }#pt-cv-view-qa6yt41j .pt-cv-rmwrap {  }#pt-cv-view-qa6yt41j .pt-cv-readmore { color: #fff;background-color: #0075ff;font-size: 14px; }#pt-cv-view-qa6yt41j .pt-cv-taxoterm {  }#pt-cv-view-qa6yt41j .pt-cv-taxoterm * { color: #222;background-color: #fff6f6;font-size: 14px; }#pt-cv-view-qa6yt41j + .pt-cv-pagination-wrapper {  }#pt-cv-view-qa6yt41j + .pt-cv-pagination-wrapper a { font-size: 14px; }#pt-cv-view-qa6yt41j > .pt-cv-page {grid-template-columns: repeat(1, 1fr);grid-gap: 39px;}\n@media all and (max-width: 1024px) { \n#pt-cv-view-qa6yt41j > .pt-cv-page {grid-template-columns: repeat(1, 1fr);grid-gap: 21px;}\n} \n@media all and (max-width: 767px) { \n#pt-cv-view-qa6yt41j > .pt-cv-page {grid-template-columns: repeat(1, 1fr);grid-gap: 15px;}\n} <\/style><\/div><\/div><\/div>\n\n\n\n<div class=\"wp-block-kadence-pane kt-accordion-pane kt-accordion-pane-4 kt-pane2778_aaabe2-90\" id=\"vendredi_15\"><div class=\"kt-accordion-header-wrap\"><button class=\"kt-blocks-accordion-header kt-acccordion-button-label-show\" type=\"button\"><span class=\"kt-blocks-accordion-title-wrap\"><span class=\"kt-blocks-accordion-title\">Vendredi 15 mai<\/span><\/span><span class=\"kt-blocks-accordion-icon-trigger\"><\/span><\/button><\/div><div class=\"kt-accordion-panel kt-accordion-panel-hidden\"><div class=\"kt-accordion-panel-inner\"><div class='pt-cv-wrapper'> <div class=\"pt-cv-view pt-cv-blockgrid iscvblock iscvreal list1 layout1\" id=\"pt-cv-view-lvbsxq31\"><div data-id=\"pt-cv-page-1\" class=\"pt-cv-page\" data-cvc=\"1\"><div class=\" pt-cv-content-item pt-cv-2-col\" ><div class=\"pt-cv-thumb-wrapper pull-left \"><a href=\"https:\/\/munsterjazz.fr\/index.php\/2026\/03\/01\/leslie_et_railo\/\" class=\"_self pt-cv-href-thumbnail pt-cv-thumb-left\" target=\"_self\" ><img loading=\"lazy\" decoding=\"async\" width=\"768\" height=\"512\" src=\"https:\/\/munsterjazz.fr\/wp-content\/uploads\/2026\/03\/lesly_et_railo-768x512.jpeg\" class=\"pt-cv-thumbnail pull-left\" alt=\"\" \/><\/a><\/div>\n<div class=\"pt-cv-colwrap\"><h4 class=\"pt-cv-title\"><a href=\"https:\/\/munsterjazz.fr\/index.php\/2026\/03\/01\/leslie_et_railo\/\" class=\"_self\" target=\"_self\" >Leslie &amp; Ra\u00eflo<\/a><\/h4><div class=\"pt-cv-content\">\n<p class=\" eplus-wrapper\">Vendredi 15 mai 2026 : 18 h Foyer Saint L\u00e9ger<\/p>\n\n\n\n<p class=\" eplus-wrapper\"><strong>Entr\u00e9e libre<\/strong><\/p>\n\n\n\n<p class=\" eplus-wrapper\">A la sc\u00e8ne comme \u00e0 la vie, Lesly &amp; Railo partagent une complicit\u00e9 rare o\u00f9 l&#8217;amour se m\u00eale \u00e0 la musique, et la musique \u00e0 l&#8217;amour. Ensemble, ils forment un duo guitare-voix empreint de sinc\u00e9rit\u00e9, d&#8217;\u00e9l\u00e9gance et d&#8217;\u00e9motions. Ce sont deux artistes, deux styles, qui convergent vers un projet authentique. Dans un dialogue tout en finesse entre la prodigieuse guitare de Railo et la voix magnifique de Lesly, le duo voyage au gr\u00e9 de ses envies entre le jazz, la chanson fran\u00e7aise et les musiques du monde. Leur r\u00e9pertoire est compos\u00e9 de reprises et de compositions originales<\/p>\n\n\n\n<p class=\" eplus-wrapper\"><strong>Leslie : chant<br \/>Ra\u00eflo : guitare<\/strong><\/p>\n\n\n\n<p class=\" eplus-wrapper\"><a href=\"https:\/\/youtu.be\/6SwYra1fXmU?is=EyS1S9N28X1kqr0M\">LESLIE &amp; RA\u00cfLO<\/a><\/p>\n<\/div><\/div><\/div>\n<div class=\" pt-cv-content-item pt-cv-2-col\" ><div class=\"pt-cv-thumb-wrapper pull-left \"><a href=\"https:\/\/munsterjazz.fr\/index.php\/2026\/03\/01\/andre_ceccarelli_trio_2026\/\" class=\"_self pt-cv-href-thumbnail pt-cv-thumb-left\" target=\"_self\" ><img loading=\"lazy\" decoding=\"async\" width=\"768\" height=\"588\" src=\"https:\/\/munsterjazz.fr\/wp-content\/uploads\/2026\/03\/ceccarelli_scaled-768x588.jpg\" class=\"pt-cv-thumbnail pull-left\" alt=\"\" \/><\/a><\/div>\n<div class=\"pt-cv-colwrap\"><h4 class=\"pt-cv-title\"><a href=\"https:\/\/munsterjazz.fr\/index.php\/2026\/03\/01\/andre_ceccarelli_trio_2026\/\" class=\"_self\" target=\"_self\" >Andr\u00e9 Ceccarelli trio<\/a><\/h4><div class=\"pt-cv-content\">\n<p class=\" eplus-wrapper\">Vendredi 15 mai 2026 : 20 h Espace Culturel Saint Gr\u00e9goire<\/p>\n\n\n\n<p class=\" eplus-wrapper\">20 \u20ac \/ 15 \u20ac tarif r\u00e9duit*<\/p>\n\n\n\n<div class=\"wp-block-kadence-advancedbtn kb-buttons-wrap kb-btns5311_1f84bd-f5\"><a class=\"kb-button kt-button button kb-btn5311_c46ce7-dc kt-btn-size-small kt-btn-width-type-auto kb-btn-global-inherit  kt-btn-has-text-true kt-btn-has-svg-false  wp-block-button__link wp-block-kadence-singlebtn\" href=\"https:\/\/www.helloasso.com\/associations\/jazz-festival-de-munster\/evenements\/andre-ceccarelli-trio\"><span class=\"kt-btn-inner-text\">BILLETTERIE<\/span><\/a><\/div>\n\n\n\n<p class=\" eplus-wrapper\">Cela fait maintenant plus de 10 ans que ces trois musiciens jouent ensemble et ont enregistr\u00e9 plusieurs disques. Tout d\u2019abord le CD \u00ab Ultimo \u00bb d\u2019Andre Ceccarelli (Avec orchestre symphonique), les deux CD (avec David Linx) en hommage \u00e0 Claude Nougaro ainsi que le projet \u00ab 7000 Miles \u00bb.<\/p>\n\n\n\n<p class=\" eplus-wrapper\">Leur complicit\u00e9 et leur interaction musicale gr\u00e2ce \u00e0 plusieurs centaines de concerts n\u2019a fait que se renforcer au cours de ces derni\u00e8res ann\u00e9es. Le nouveau projet de ce trio est un hommage \u00e0 George Gershwin et plus particuli\u00e8rement \u00ab Porgy and Bess \u00bb immortalis\u00e9 par Ella Fitzgerald et Louis Armstrong puis Miles Davis et bien d\u2019autres. A l\u2019instar des standards de Jazz que tous les Jazzmen s\u2019approprient parfois en les re-harmonisant et\/ou en changeant de m\u00e9trique, le trio compte bien, dans ce nouvel opus, s\u2019approprier avec des arrangement originaux le r\u00e9pertoire de cet Op\u00e9ra de Broadway afin d\u2019en livrer une version tr\u00e8s personnelle.<\/p>\n\n\n\n<p class=\" eplus-wrapper\"><strong>Andr\u00e9 Ceccarelli : batterie<\/strong><br \/><strong>Pierre-Alain Goualch : piano<\/strong><br \/><strong>Di\u00e9go Imbert : contrebasse<\/strong><\/p>\n\n\n\n<p class=\" eplus-wrapper\"><a href=\"https:\/\/youtu.be\/MRgpbf3x3Vo?is=RHBV5mQonP1-tUzW\">ANDR\u00c9 CECCARELLI TRIO &#8211; PORGY AND BESS<\/a><\/p>\n<\/div><\/div><\/div><\/div><\/div> <\/div> <style>\n\n#pt-cv-view-lvbsxq31 { margin: 0px 0px 30px 0px; }#pt-cv-view-lvbsxq31 .pt-cv-meta-fields {  }#pt-cv-view-lvbsxq31 .pt-cv-meta-fields * { font-size: 13px; }#pt-cv-view-lvbsxq31 .pt-cv-thumb-wrapper:not(.miniwrap) { width: 40%; }#pt-cv-view-lvbsxq31 .pt-cv-thumbnail:not(.pt-cv-thumbnailsm) { height: 300px; }#pt-cv-view-lvbsxq31 .pt-cv-title a { display: block; }#pt-cv-view-lvbsxq31 .pt-cv-title:not(.pt-cv-titlesm) a { font-weight: 600;text-decoration: none;font-size: 22px; }#pt-cv-view-lvbsxq31 .pt-cv-titlesm a { font-weight: 600;font-size: 18px; }#pt-cv-view-lvbsxq31 .pt-cv-content { font-size: 15px; }#pt-cv-view-lvbsxq31 .pt-cv-rmwrap {  }#pt-cv-view-lvbsxq31 .pt-cv-readmore { color: #fff;background-color: #0075ff;font-size: 14px; }#pt-cv-view-lvbsxq31 .pt-cv-taxoterm {  }#pt-cv-view-lvbsxq31 .pt-cv-taxoterm * { color: #222;background-color: #fff6f6;font-size: 14px; }#pt-cv-view-lvbsxq31 + .pt-cv-pagination-wrapper {  }#pt-cv-view-lvbsxq31 + .pt-cv-pagination-wrapper a { font-size: 14px; }#pt-cv-view-lvbsxq31 > .pt-cv-page {grid-template-columns: repeat(1, 1fr);grid-gap: 33px;}\n@media all and (max-width: 1024px) { \n#pt-cv-view-lvbsxq31 { margin: 0px 0px 20px 0px; }#pt-cv-view-lvbsxq31 > .pt-cv-page {grid-template-columns: repeat(1, 1fr);grid-gap: 21px;}\n} \n@media all and (max-width: 767px) { \n#pt-cv-view-lvbsxq31 { margin: 0px 0px 13px 0px; }#pt-cv-view-lvbsxq31 > .pt-cv-page {grid-template-columns: repeat(1, 1fr);grid-gap: 16px;}\n} <\/style><\/div><\/div><\/div>\n\n\n\n<div class=\"wp-block-kadence-pane kt-accordion-pane kt-accordion-pane-5 kt-pane2778_e03046-21 samedi\" id=\"samedi_16\"><div class=\"kt-accordion-header-wrap\"><button class=\"kt-blocks-accordion-header kt-acccordion-button-label-show\" type=\"button\"><span class=\"kt-blocks-accordion-title-wrap\"><span class=\"kt-blocks-accordion-title\">Samedi 16 mai<\/span><\/span><span class=\"kt-blocks-accordion-icon-trigger\"><\/span><\/button><\/div><div class=\"kt-accordion-panel kt-accordion-panel-hidden\"><div class=\"kt-accordion-panel-inner\"><div class='pt-cv-wrapper'> <div class=\"pt-cv-view pt-cv-blockgrid iscvblock iscvreal list1 layout1\" id=\"pt-cv-view-71bshkwm\"><div data-id=\"pt-cv-page-1\" class=\"pt-cv-page\" data-cvc=\"1\"><div class=\" pt-cv-content-item pt-cv-2-col\" ><div class=\"pt-cv-thumb-wrapper pull-left \"><a href=\"https:\/\/munsterjazz.fr\/index.php\/2026\/03\/01\/tsok_atimo_2026\/\" class=\"_self pt-cv-href-thumbnail pt-cv-thumb-left\" target=\"_self\" ><img loading=\"lazy\" decoding=\"async\" width=\"2560\" height=\"1916\" src=\"https:\/\/munsterjazz.fr\/wp-content\/uploads\/2026\/03\/tsiokatimo_photo-scaled.jpg\" class=\"pt-cv-thumbnail pull-left\" alt=\"\" \/><\/a><\/div>\n<div class=\"pt-cv-colwrap\"><h4 class=\"pt-cv-title\"><a href=\"https:\/\/munsterjazz.fr\/index.php\/2026\/03\/01\/tsok_atimo_2026\/\" class=\"_self\" target=\"_self\" >Tsiok&#8217;Atimo<\/a><\/h4><div class=\"pt-cv-content\">\n<p class=\" has-text-align-left eplus-wrapper\">Samedi 16 mai 2026, 18 h Foyer Saint L\u00e9ger<br \/><strong>Entr\u00e9e libre<\/strong><br \/><\/p>\n\n\n\n<p class=\" eplus-wrapper\">Quartet Malagasy Jazz strasbourgeois au style de musique \u00e0 mi-chemin entre le jazz et la musique traditionnelle malgache. Une alliance inattendue qui r\u00e9unit tradition et modernit\u00e9, racines et innovation. Le groupe est port\u00e9 par le guitariste\/compositeur St\u00e8ve Zafifou, originaire de Madagascar, m\u00e9langeant ses influences musicale et culturelle au jazz moderne et au groove.<\/p>\n\n\n\n<p class=\" eplus-wrapper\">Le r\u00e9sultat ? Des m\u00e9lodies aux couleurs vari\u00e9es et une multitude de surprises auditives. Parmi leurs influences, on peut citer des figures majeures du jazz moderne, tels que le guitariste Kurt Rosenwinkel et la saxophoniste Nubya Garcia, ainsi que des groupes comme Snarky Puppy ou Panam Panic, sans oublier des artistes malgaches tels que SoloRazaf ou D\u2019Gary.<\/p>\n\n\n\n<p class=\" eplus-wrapper\"><strong>St\u00e8ve Zafifou : guitare \/ compositions<br \/>Bastien Griat : saxophone<br \/>Paul Touchot : basse \u00e9lectrique<br \/>Milan <\/strong><strong>Kohlhass<\/strong> <strong>: Batterie<\/strong><br \/><\/p>\n\n\n\n<p class=\" eplus-wrapper\"><a href=\"https:\/\/youtu.be\/qiwj7t2vsls?is=wuEtZ-kTLqqJK6xi\">TSIOK&#8217;ATIMO<\/a><\/p>\n\n\n\n<p class=\" eplus-wrapper\"><\/p>\n<\/div><\/div><\/div>\n<div class=\" pt-cv-content-item pt-cv-2-col\" ><div class=\"pt-cv-thumb-wrapper pull-left \"><a href=\"https:\/\/munsterjazz.fr\/index.php\/2026\/03\/01\/batucada-blocos-afros\/\" class=\"_self pt-cv-href-thumbnail pt-cv-thumb-left\" target=\"_self\" ><img loading=\"lazy\" decoding=\"async\" width=\"612\" height=\"408\" src=\"https:\/\/munsterjazz.fr\/wp-content\/uploads\/2026\/03\/IMG_4117.jpeg\" class=\"pt-cv-thumbnail pull-left\" alt=\"\" \/><\/a><\/div>\n<div class=\"pt-cv-colwrap\"><h4 class=\"pt-cv-title\"><a href=\"https:\/\/munsterjazz.fr\/index.php\/2026\/03\/01\/batucada-blocos-afros\/\" class=\"_self\" target=\"_self\" >Batucada Blocos Afro<\/a><\/h4><div class=\"pt-cv-content\">\n<p class=\" eplus-wrapper\">Samedi 16 mai 2026, 10 h D\u00e9ambulation de l&#8217;\u00e9cole maternelle de Badischhof au cabanon \u00e0 livres.<br \/>11 h D\u00e9ambulation de la salle des f\u00eates,  par la place du march\u00e9 et la Grand Rue au Parc Hartman et \u00e0 la terrasse du Grand Hotel.<\/p>\n\n\n\n<p class=\" eplus-wrapper\">N\u00e9 en 2021 au sein de la classe de Percussions de l\u2019\u00c9cole de Musique d\u2019Obernai et dirig\u00e9 par Piero Raglianti, Blocos Afro s\u2019inspire des traditionnels \u00ab Blocos \u00bb, ensembles musicaux de Salvador de Bahia au Br\u00e9sil.<\/p>\n\n\n\n<p class=\" eplus-wrapper\">Puissant et festif, Blocos Afro vous invite \u00e0 un voyage musical o\u00f9 rythmes, m\u00e9lodies et harmonies sont r\u00e9unis dans les sons des tambours.<\/p>\n\n\n\n<p class=\" eplus-wrapper\"><\/p>\n<\/div><\/div><\/div>\n<div class=\" pt-cv-content-item pt-cv-2-col\" ><div class=\"pt-cv-thumb-wrapper pull-left \"><a href=\"https:\/\/munsterjazz.fr\/index.php\/2026\/03\/01\/they_shot_the_piano_player_2026\/\" class=\"_self pt-cv-href-thumbnail pt-cv-thumb-left\" target=\"_self\" ><img loading=\"lazy\" decoding=\"async\" width=\"680\" height=\"924\" src=\"https:\/\/munsterjazz.fr\/wp-content\/uploads\/2026\/03\/theyshotthepianoplayer_affiche.jpg\" class=\"pt-cv-thumbnail pull-left\" alt=\"\" \/><\/a><\/div>\n<div class=\"pt-cv-colwrap\"><h4 class=\"pt-cv-title\"><a href=\"https:\/\/munsterjazz.fr\/index.php\/2026\/03\/01\/they_shot_the_piano_player_2026\/\" class=\"_self\" target=\"_self\" >They Shot the piano player<\/a><\/h4><div class=\"pt-cv-content\">\n<p class=\" eplus-wrapper\">Samedi 16 mai, 16h espace culturel Saint Gr\u00e9goire<\/p>\n\n\n\n<p class=\" eplus-wrapper\">Gratuit pour les d\u00e9tenteurs d&#8217;un billet de concert, au tarif habituel du cin\u00e9ma pour les autres<\/p>\n\n\n\n<p class=\" eplus-wrapper\"> Tout en Jazz et Bossa nova, avec la voix de Jeff Goldblum, ce film d\u2019animation relate l\u2019enqu\u00eate d\u2019un journaliste new-yorkais sur la disparition de Francisco Ten\u00f2rio Jr, pianiste br\u00e9silien virtuose. Une disparition qui se d\u00e9roule \u00e0 la charni\u00e8re entre l\u2019\u00e2ge d\u2019or de libert\u00e9 cr\u00e9atrice d\u2019une dizaine d\u2019ann\u00e9es et le basculement de l\u2019Am\u00e9rique latine dans les r\u00e9gimes totalitaires des ann\u00e9es 60 \u00e0 70. Jeff, le journaliste rencontre les personnages du groupe de Buenos Aires, Malena Barretto, Vinicius de Morales, Toquinho et Mutinho en passant par Jo\u00e3o Gilberto et Astor Piazzolla et bien d\u2019autres qui se m\u00ealent \u00e0 d\u2019autres grands noms comme Gilberto Gil, Caetano Veloso, Chico Buarque,\u00a0etc. Le journaliste tente de d\u00e9m\u00ealer les affres de l\u2019op\u00e9ration Condor sans rel\u00e2che 20 ans durant.<\/p>\n\n\n\n<p class=\" eplus-wrapper\"><strong>Fernando Trueba et Javier Mariscal 2024<\/strong><br \/>dur\u00e9e du film : 1 h 44<br \/><a class=\"\" href=\"https:\/\/www.dulacdistribution.com\/film\/they-shot-the-piano-player\/176\" target=\"_blank\" rel=\"noreferrer noopener\">https:\/\/www.dulacdistribution.com\/film\/they-shot-the-piano-player\/176<\/a><\/p>\n<\/div><\/div><\/div>\n<div class=\" pt-cv-content-item pt-cv-2-col\" ><div class=\"pt-cv-thumb-wrapper pull-left \"><a href=\"https:\/\/munsterjazz.fr\/index.php\/2026\/03\/01\/vento_2026\/\" class=\"_self pt-cv-href-thumbnail pt-cv-thumb-left\" target=\"_self\" ><img loading=\"lazy\" decoding=\"async\" width=\"675\" height=\"620\" src=\"https:\/\/munsterjazz.fr\/wp-content\/uploads\/2026\/03\/ddbaa9dd-bc7f-4ca0-8f8d-f9fb61389c89.jpg\" class=\"pt-cv-thumbnail pull-left\" alt=\"\" \/><\/a><\/div>\n<div class=\"pt-cv-colwrap\"><h4 class=\"pt-cv-title\"><a href=\"https:\/\/munsterjazz.fr\/index.php\/2026\/03\/01\/vento_2026\/\" class=\"_self\" target=\"_self\" >Vento<\/a><\/h4><div class=\"pt-cv-content\">\n<p class=\" eplus-wrapper\">Samedi 16 mai 2026 : 20 h Espace Culturel Saint Gr\u00e9goire<\/p>\n\n\n\n<p class=\" eplus-wrapper\">20 \u20ac \/ 15 \u20ac tarif r\u00e9duit*<\/p>\n\n\n\n<div class=\"wp-block-kadence-advancedbtn kb-buttons-wrap kb-btns5317_e3616b-f5\"><a class=\"kb-button kt-button button kb-btn5317_2c240d-64 kt-btn-size-small kt-btn-width-type-auto kb-btn-global-inherit  kt-btn-has-text-true kt-btn-has-svg-false  wp-block-button__link wp-block-kadence-singlebtn\" href=\"https:\/\/www.helloasso.com\/associations\/jazz-festival-de-munster\/evenements\/vento\"><span class=\"kt-btn-inner-text\">BILLETTERIE<\/span><\/a><\/div>\n\n\n\n<p class=\" eplus-wrapper\">Vento est un collectif d\u2019artistes bas\u00e9 \u00e0 Strasbourg et \u00e0 Kehl, unis par leur passion pour la musique br\u00e9silienne. Les divers univers musicaux de ses membres s\u2019entrelacent harmonieusement, enrichissant l\u2019esth\u00e9tique et le r\u00e9pertoire du groupe. Inspir\u00e9 par les rythmes vibrants et les harmonies riches de la musique populaire br\u00e9silienne, Vento infuse \u00e9galement une \u00e9nergie jazzistique dans ses cr\u00e9ations. Cette fusion entre tradition et innovation permet au groupe de proposer des compositions originales, emmenant le public dans un voyage \u00e0 travers la musique br\u00e9silienne contemporaine.<\/p>\n\n\n\n<p class=\" eplus-wrapper\"><strong>Maugane Ginger, voix<br \/>Fernando Schirr, voix et guitare<br \/>Davide Petrillo, voix et piano<br \/>Benjamin Velle, guitare<br \/>Davide Le Leap, contrebasse<br \/>Juan Camilo Roldan, batterie<\/strong><\/p>\n\n\n\n<p class=\" eplus-wrapper\"><a href=\"https:\/\/www.youtube.com\/watch?v=IFsaFy_vb60\">Vento &#8211; LIVE<\/a><\/p>\n<\/div><\/div><\/div><\/div><\/div> <\/div> <style>\n\n#pt-cv-view-71bshkwm .pt-cv-meta-fields {  }#pt-cv-view-71bshkwm .pt-cv-meta-fields * { font-size: 13px; }#pt-cv-view-71bshkwm .pt-cv-thumb-wrapper:not(.miniwrap) { width: 40%; }#pt-cv-view-71bshkwm .pt-cv-thumbnail:not(.pt-cv-thumbnailsm) { height: 500px; }#pt-cv-view-71bshkwm .pt-cv-title a { display: block; }#pt-cv-view-71bshkwm .pt-cv-title:not(.pt-cv-titlesm) a { font-weight: 600;text-decoration: none;font-size: 22px; }#pt-cv-view-71bshkwm .pt-cv-titlesm a { font-weight: 600;font-size: 18px; }#pt-cv-view-71bshkwm .pt-cv-content { font-size: 15px; }#pt-cv-view-71bshkwm .pt-cv-rmwrap {  }#pt-cv-view-71bshkwm .pt-cv-readmore { color: #fff;background-color: #0075ff;font-size: 14px; }#pt-cv-view-71bshkwm .pt-cv-taxoterm {  }#pt-cv-view-71bshkwm .pt-cv-taxoterm * { color: #222;background-color: #fff6f6;font-size: 14px; }#pt-cv-view-71bshkwm + .pt-cv-pagination-wrapper {  }#pt-cv-view-71bshkwm + .pt-cv-pagination-wrapper a { font-size: 14px; }#pt-cv-view-71bshkwm > .pt-cv-page {grid-template-columns: repeat(1, 1fr);grid-gap: 39px;}\n@media all and (max-width: 1024px) { \n#pt-cv-view-71bshkwm > .pt-cv-page {grid-template-columns: repeat(1, 1fr);grid-gap: 21px;}\n} \n@media all and (max-width: 767px) { \n#pt-cv-view-71bshkwm > .pt-cv-page {grid-template-columns: repeat(1, 1fr);grid-gap: 15px;}\n} <\/style><\/div><\/div><\/div>\n\n\n\n<div class=\"wp-block-kadence-pane kt-accordion-pane kt-accordion-pane-6 kt-pane2778_959b37-a2\" id=\"dimanche_17\"><div class=\"kt-accordion-header-wrap\"><button class=\"kt-blocks-accordion-header kt-acccordion-button-label-show\" type=\"button\"><span class=\"kt-blocks-accordion-title-wrap\"><span class=\"kt-blocks-accordion-title\">Dimanche 17 mai<\/span><\/span><span class=\"kt-blocks-accordion-icon-trigger\"><\/span><\/button><\/div><div class=\"kt-accordion-panel kt-accordion-panel-hidden\"><div class=\"kt-accordion-panel-inner\"><div class='pt-cv-wrapper'> <div class=\"pt-cv-view pt-cv-blockgrid iscvblock iscvreal list1 layout1\" id=\"pt-cv-view-ozhnb9rw\"><div data-id=\"pt-cv-page-1\" class=\"pt-cv-page\" data-cvc=\"1\"><div class=\" pt-cv-content-item pt-cv-2-col\" ><div class=\"pt-cv-thumb-wrapper pull-left \"><a href=\"https:\/\/munsterjazz.fr\/index.php\/2026\/03\/01\/finkmatt_duo_jam_2026\/\" class=\"_self pt-cv-href-thumbnail pt-cv-thumb-left\" target=\"_self\" ><img loading=\"lazy\" decoding=\"async\" width=\"768\" height=\"960\" src=\"https:\/\/munsterjazz.fr\/wp-content\/uploads\/2026\/04\/A742433-768x960.jpg\" class=\"pt-cv-thumbnail pull-left\" alt=\"\" \/><\/a><\/div>\n<div class=\"pt-cv-colwrap\"><h4 class=\"pt-cv-title\"><a href=\"https:\/\/munsterjazz.fr\/index.php\/2026\/03\/01\/finkmatt_duo_jam_2026\/\" class=\"_self\" target=\"_self\" >Jam \u00d4 lavoir<\/a><\/h4><div class=\"pt-cv-content\">\n<p class=\" eplus-wrapper\">Dimanche 17 mai 2026, 18 h \u00d4 Lavoir, Soultzbach<br \/>Entr\u00e9e libre<\/p>\n\n\n\n<p class=\" eplus-wrapper\">Ouverture de la Jam par le Finkmatt duo<\/p>\n\n\n\n<p class=\" eplus-wrapper\"><\/p>\n<\/div><\/div><\/div>\n<div class=\" pt-cv-content-item pt-cv-2-col\" ><div class=\"pt-cv-thumb-wrapper pull-left \"><a href=\"https:\/\/munsterjazz.fr\/index.php\/2026\/03\/01\/soundtrack_to_a_coup_d_etat\/\" class=\"_self pt-cv-href-thumbnail pt-cv-thumb-left\" target=\"_self\" ><img loading=\"lazy\" decoding=\"async\" width=\"680\" height=\"924\" src=\"https:\/\/munsterjazz.fr\/wp-content\/uploads\/2026\/03\/AFFICHE_120x160_72dpi.jpg\" class=\"pt-cv-thumbnail pull-left\" alt=\"\" \/><\/a><\/div>\n<div class=\"pt-cv-colwrap\"><h4 class=\"pt-cv-title\"><a href=\"https:\/\/munsterjazz.fr\/index.php\/2026\/03\/01\/soundtrack_to_a_coup_d_etat\/\" class=\"_self\" target=\"_self\" >Soundtrack to a coup d&#8217;\u00c9tat<\/a><\/h4><div class=\"pt-cv-content\">\n<p class=\" eplus-wrapper\">Dimanche 17 mai 2026, 20h30 Espace Culturel Saint Gr\u00e9goire<\/p>\n\n\n\n<p class=\" eplus-wrapper\">Gratuit pour les d\u00e9tenteurs d&#8217;un billet de concert, au tarif habituel du cin\u00e9ma pour les autres<\/p>\n\n\n\n<p class=\" eplus-wrapper\">Des grands noms du Jazz comme Louis Amstrong interviennent sur la sc\u00e8ne internationale de l\u2019ONU pour d\u00e9tourner l\u2019attention du coup d\u2019Etat au Congo soutenu par la CIA. L\u2019\u00e9v\u00e8nement se d\u00e9roule en 1961. Abbey Lincoln, Max Roach, Nina Simone, Duke Ellington, Dizzy Gillespie, Melba Liston mais aussi Malcom X, Dwight D. Eisenhower, Nikita Khrouchtchev, le roi Baudoin et bien d\u2019autres interviennent dans l\u2019affaire\u00a0; en pleine guerre froide se m\u00ealent la d\u00e9fense des droits humains, le d\u00e9colonialisme, l\u2019uranium et l\u2019assassinat de Patrice Lumumba, Premier ministre du Congo nouvellement ind\u00e9pendant.<\/p>\n\n\n\n<p class=\" eplus-wrapper\">Un film documentaire multi-prim\u00e9&nbsp;: Oscar 2025, Fidapoc 2025, prix Andr\u00e9 Cavens et jury au Sundance 2024.<\/p>\n\n\n\n<p class=\" eplus-wrapper\"><strong>Johan Grimonprez 2023<\/strong><br \/>dur\u00e9e du film : 2 h 30<br \/><a href=\"https:\/\/lesvalseurs.com\/film\/soundtracktoacoupdetat\/\">https:\/\/lesvalseurs.com\/film\/soundtracktoacoupdetat\/<\/a><br \/><\/p>\n<\/div><\/div><\/div><\/div><\/div> <\/div> <style>\n\n#pt-cv-view-ozhnb9rw { margin: 0px 0px 30px 0px; }#pt-cv-view-ozhnb9rw .pt-cv-meta-fields {  }#pt-cv-view-ozhnb9rw .pt-cv-meta-fields * { font-size: 13px; }#pt-cv-view-ozhnb9rw .pt-cv-thumb-wrapper:not(.miniwrap) { width: 40%; }#pt-cv-view-ozhnb9rw .pt-cv-thumbnail:not(.pt-cv-thumbnailsm) { height: 300px; }#pt-cv-view-ozhnb9rw .pt-cv-title a { display: block; }#pt-cv-view-ozhnb9rw .pt-cv-title:not(.pt-cv-titlesm) a { font-weight: 600;text-decoration: none;font-size: 22px; }#pt-cv-view-ozhnb9rw .pt-cv-titlesm a { font-weight: 600;font-size: 18px; }#pt-cv-view-ozhnb9rw .pt-cv-content { font-size: 15px; }#pt-cv-view-ozhnb9rw .pt-cv-rmwrap {  }#pt-cv-view-ozhnb9rw .pt-cv-readmore { color: #fff;background-color: #0075ff;font-size: 14px; }#pt-cv-view-ozhnb9rw .pt-cv-taxoterm {  }#pt-cv-view-ozhnb9rw .pt-cv-taxoterm * { color: #222;background-color: #fff6f6;font-size: 14px; }#pt-cv-view-ozhnb9rw + .pt-cv-pagination-wrapper {  }#pt-cv-view-ozhnb9rw + .pt-cv-pagination-wrapper a { font-size: 14px; }#pt-cv-view-ozhnb9rw > .pt-cv-page {grid-template-columns: repeat(1, 1fr);grid-gap: 33px;}\n@media all and (max-width: 1024px) { \n#pt-cv-view-ozhnb9rw { margin: 0px 0px 20px 0px; }#pt-cv-view-ozhnb9rw > .pt-cv-page {grid-template-columns: repeat(1, 1fr);grid-gap: 21px;}\n} \n@media all and (max-width: 767px) { \n#pt-cv-view-ozhnb9rw { margin: 0px 0px 15px 0px; }#pt-cv-view-ozhnb9rw > .pt-cv-page {grid-template-columns: repeat(1, 1fr);grid-gap: 16px;}\n} <\/style><\/div><\/div><\/div>\n<\/div><\/div><\/div>\n\n\n\n<div style=\"height:28px\" aria-hidden=\"true\" class=\" wp-block-spacer eplus-wrapper\"><\/div>\n\n\n\n<p class=\" eplus-wrapper\">*tarifs r\u00e9duits : \u00e9tudiants, intermittents du spectacle, titulaires de la carte mobilit\u00e9 inclusion et accompagnant, demandeurs d\u2019emploi et b\u00e9n\u00e9ficiaires du R<em>SA.<\/em><\/p>\n\n\n\n<div style=\"height:61px\" aria-hidden=\"true\" class=\" wp-block-spacer eplus-wrapper\"><\/div>\n\n\n\n<h2 class=\"kt-adv-heading2778_c33aef-7f wp-block-kadence-advancedheading\" data-kb-block=\"kb-adv-heading2778_c33aef-7f\"><strong>Ann\u00e9es ant\u00e9rieures<\/strong><\/h2>\n\n\n\n<div class=\"wp-block-kadence-accordion alignnone\"><div class=\"kt-accordion-wrap kt-accordion-id2778_569464-ee kt-accordion-has-3-panes kt-active-pane-0 kt-accordion-block kt-pane-header-alignment-left kt-accodion-icon-style-basic kt-accodion-icon-side-right\" style=\"max-width:none\"><div class=\"kt-accordion-inner-wrap\" data-allow-multiple-open=\"false\" data-start-open=\"none\">\n<div class=\"wp-block-kadence-pane kt-accordion-pane kt-accordion-pane-1 kt-pane2778_dfe370-f3\"><div class=\"kt-accordion-header-wrap\"><button class=\"kt-blocks-accordion-header kt-acccordion-button-label-show\" type=\"button\"><span class=\"kt-blocks-accordion-title-wrap\"><span class=\"kt-blocks-accordion-title\">2025<\/span><\/span><span class=\"kt-blocks-accordion-icon-trigger\"><\/span><\/button><\/div><div class=\"kt-accordion-panel kt-accordion-panel-hidden\"><div class=\"kt-accordion-panel-inner\"><div class='pt-cv-wrapper'> <div class=\"pt-cv-view pt-cv-blockgrid iscvblock iscvreal grid1 layout1\" id=\"pt-cv-view-h64w9o2v\"><div data-id=\"pt-cv-page-1\" class=\"pt-cv-page\" data-cvc=\"5\"><div class=\" pt-cv-content-item pt-cv-1-col\" ><div class=\"pt-cv-thumb-wrapper  \"><a href=\"https:\/\/munsterjazz.fr\/index.php\/2025\/02\/09\/evenement-1\/\" class=\"_self pt-cv-href-thumbnail pt-cv-thumb-default\" target=\"_self\" ><img loading=\"lazy\" decoding=\"async\" width=\"768\" height=\"1086\" src=\"https:\/\/munsterjazz.fr\/wp-content\/uploads\/2025\/02\/Alba-768x1086.jpg\" class=\"pt-cv-thumbnail\" alt=\"\" \/><\/a><\/div>\n<h4 class=\"pt-cv-title\"><a href=\"https:\/\/munsterjazz.fr\/index.php\/2025\/02\/09\/evenement-1\/\" class=\"_self\" target=\"_self\" >Alba Obert Quartet<\/a><\/h4>\n<div class=\"pt-cv-content\">Avec leur album Kal\u00e9idoscopes salu\u00e9 par la critique, le quartet emmen\u00e9 par la chanteuse et violoniste Alba Obert trace des &#8230;<\/div>\n<div class=\"pt-cv-rmwrap\"><a href=\"https:\/\/munsterjazz.fr\/index.php\/2025\/02\/09\/evenement-1\/\" class=\"_self pt-cv-readmore btn btn-success\" target=\"_self\" >Lire la suite<\/a><\/div><\/div>\n<div class=\" pt-cv-content-item pt-cv-1-col\" ><div class=\"pt-cv-thumb-wrapper  \"><a href=\"https:\/\/munsterjazz.fr\/index.php\/2025\/02\/09\/julia-perminova\/\" class=\"_self pt-cv-href-thumbnail pt-cv-thumb-default\" target=\"_self\" ><img decoding=\"async\" src=\"https:\/\/munsterjazz.fr\/wp-content\/plugins\/content-views-query-and-display-post-page\/public\/assets\/images\/default_image.png\" class=\"pt-cv-thumbnail cv-default-img\" alt=\"Barouf\" title=\"\" \/><\/a><\/div>\n<h4 class=\"pt-cv-title\"><a href=\"https:\/\/munsterjazz.fr\/index.php\/2025\/02\/09\/julia-perminova\/\" class=\"_self\" target=\"_self\" >Barouf<\/a><\/h4>\n<div class=\"pt-cv-content\"> &#8230;<\/div>\n<div class=\"pt-cv-rmwrap\"><a href=\"https:\/\/munsterjazz.fr\/index.php\/2025\/02\/09\/julia-perminova\/\" class=\"_self pt-cv-readmore btn btn-success\" target=\"_self\" >Lire la suite<\/a><\/div><\/div>\n<div class=\" pt-cv-content-item pt-cv-1-col\" ><div class=\"pt-cv-thumb-wrapper  \"><a href=\"https:\/\/munsterjazz.fr\/index.php\/2025\/02\/09\/alizon\/\" class=\"_self pt-cv-href-thumbnail pt-cv-thumb-default\" target=\"_self\" ><img loading=\"lazy\" decoding=\"async\" width=\"768\" height=\"576\" src=\"https:\/\/munsterjazz.fr\/wp-content\/uploads\/2025\/03\/Round-the-blue-Lights-768x576.jpeg\" class=\"pt-cv-thumbnail\" alt=\"\" \/><\/a><\/div>\n<h4 class=\"pt-cv-title\"><a href=\"https:\/\/munsterjazz.fr\/index.php\/2025\/02\/09\/alizon\/\" class=\"_self\" target=\"_self\" >Round the Blue Lights<\/a><\/h4>\n<div class=\"pt-cv-content\">Cr\u00e9ation originale du Festival d\u2019O \u00e0 Obernai, Round The Blue Lights est un programme musical revisitant des musiques de film &#8230;<\/div>\n<div class=\"pt-cv-rmwrap\"><a href=\"https:\/\/munsterjazz.fr\/index.php\/2025\/02\/09\/alizon\/\" class=\"_self pt-cv-readmore btn btn-success\" target=\"_self\" >Lire la suite<\/a><\/div><\/div>\n<div class=\" pt-cv-content-item pt-cv-1-col\" ><div class=\"pt-cv-thumb-wrapper  \"><a href=\"https:\/\/munsterjazz.fr\/index.php\/2025\/02\/09\/marcel-loeffler\/\" class=\"_self pt-cv-href-thumbnail pt-cv-thumb-default\" target=\"_self\" ><img loading=\"lazy\" decoding=\"async\" width=\"768\" height=\"714\" src=\"https:\/\/munsterjazz.fr\/wp-content\/uploads\/2025\/02\/loeffler-e1739641316827-768x714.jpg\" class=\"pt-cv-thumbnail\" alt=\"\" \/><\/a><\/div>\n<h4 class=\"pt-cv-title\"><a href=\"https:\/\/munsterjazz.fr\/index.php\/2025\/02\/09\/marcel-loeffler\/\" class=\"_self\" target=\"_self\" >Marcel Loeffler<\/a><\/h4>\n<div class=\"pt-cv-content\">Marcel Loeffler, un styliste hors pair. Tout d\u2019abord un son, un phras\u00e9 a\u00e9rien et limpide conjuguant swing l\u00e9ger, \u00e9l\u00e9gance et &#8230;<\/div>\n<div class=\"pt-cv-rmwrap\"><a href=\"https:\/\/munsterjazz.fr\/index.php\/2025\/02\/09\/marcel-loeffler\/\" class=\"_self pt-cv-readmore btn btn-success\" target=\"_self\" >Lire la suite<\/a><\/div><\/div>\n<div class=\" pt-cv-content-item pt-cv-1-col\" ><div class=\"pt-cv-thumb-wrapper  \"><a href=\"https:\/\/munsterjazz.fr\/index.php\/2025\/02\/09\/bernard-struber\/\" class=\"_self pt-cv-href-thumbnail pt-cv-thumb-default\" target=\"_self\" ><img loading=\"lazy\" decoding=\"async\" width=\"768\" height=\"512\" src=\"https:\/\/munsterjazz.fr\/wp-content\/uploads\/2025\/03\/2024-05-25-Ladore-a-Gunsbach-3-768x512.jpeg\" class=\"pt-cv-thumbnail\" alt=\"\" \/><\/a><\/div>\n<h4 class=\"pt-cv-title\"><a href=\"https:\/\/munsterjazz.fr\/index.php\/2025\/02\/09\/bernard-struber\/\" class=\"_self\" target=\"_self\" >Struber rencontre LaDoR\u00e9<\/a><\/h4>\n<div class=\"pt-cv-content\">Bernard Struber travaille depuis septembre 2024 avec la chorale LaDoR\u00e9, l\u2019ensemble vocal phare de l\u2019\u00c9cole de musique, danse et th\u00e9\u00e2tre &#8230;<\/div>\n<div class=\"pt-cv-rmwrap\"><a href=\"https:\/\/munsterjazz.fr\/index.php\/2025\/02\/09\/bernard-struber\/\" class=\"_self pt-cv-readmore btn btn-success\" target=\"_self\" >Lire la suite<\/a><\/div><\/div>\n<div class=\" pt-cv-content-item pt-cv-1-col\" ><div class=\"pt-cv-thumb-wrapper  \"><a href=\"https:\/\/munsterjazz.fr\/index.php\/2025\/02\/09\/laureat-du-tremplin\/\" class=\"_self pt-cv-href-thumbnail pt-cv-thumb-default\" target=\"_self\" ><img loading=\"lazy\" decoding=\"async\" width=\"768\" height=\"518\" src=\"https:\/\/munsterjazz.fr\/wp-content\/uploads\/2025\/04\/DuoZiriab-768x518.jpg\" class=\"pt-cv-thumbnail\" alt=\"\" \/><\/a><\/div>\n<h4 class=\"pt-cv-title\"><a href=\"https:\/\/munsterjazz.fr\/index.php\/2025\/02\/09\/laureat-du-tremplin\/\" class=\"_self\" target=\"_self\" >Laur\u00e9at du tremplin: Duo Ziriab<\/a><\/h4>\n<div class=\"pt-cv-content\"> &#8230;<\/div>\n<div class=\"pt-cv-rmwrap\"><a href=\"https:\/\/munsterjazz.fr\/index.php\/2025\/02\/09\/laureat-du-tremplin\/\" class=\"_self pt-cv-readmore btn btn-success\" target=\"_self\" >Lire la suite<\/a><\/div><\/div>\n<div class=\" pt-cv-content-item pt-cv-1-col\" ><div class=\"pt-cv-thumb-wrapper  \"><a href=\"https:\/\/munsterjazz.fr\/index.php\/2025\/02\/09\/cinema-film\/\" class=\"_self pt-cv-href-thumbnail pt-cv-thumb-default\" target=\"_self\" ><img loading=\"lazy\" decoding=\"async\" width=\"474\" height=\"720\" src=\"https:\/\/munsterjazz.fr\/wp-content\/uploads\/2025\/02\/Capture-decran-2025-02-22-a-16.20.35.png\" class=\"pt-cv-thumbnail\" alt=\"\" \/><\/a><\/div>\n<h4 class=\"pt-cv-title\"><a href=\"https:\/\/munsterjazz.fr\/index.php\/2025\/02\/09\/cinema-film\/\" class=\"_self\" target=\"_self\" >S\u00e9ance de cin\u00e9ma :<\/a><\/h4>\n<div class=\"pt-cv-content\">All that jazz (&#8220;Que le spectacle commence&#8221;) R\u00e9sum\u00e9 : Metteur en sc\u00e8ne et chor\u00e9graphe de renom, Joe Gideon travaille avec &#8230;<\/div>\n<div class=\"pt-cv-rmwrap\"><a href=\"https:\/\/munsterjazz.fr\/index.php\/2025\/02\/09\/cinema-film\/\" class=\"_self pt-cv-readmore btn btn-success\" target=\"_self\" >Lire la suite<\/a><\/div><\/div><\/div><\/div> <\/div> <style>\n\n#pt-cv-view-h64w9o2v .pt-cv-meta-fields {  }#pt-cv-view-h64w9o2v .pt-cv-meta-fields * { font-size: 13px; }#pt-cv-view-h64w9o2v .pt-cv-thumb-wrapper:not(.miniwrap) {  }#pt-cv-view-h64w9o2v .pt-cv-thumbnail:not(.pt-cv-thumbnailsm) { height: 250px; }#pt-cv-view-h64w9o2v .pt-cv-title a { display: block; }#pt-cv-view-h64w9o2v .pt-cv-title:not(.pt-cv-titlesm) a { font-weight: 600;text-decoration: none;font-size: 20px; }#pt-cv-view-h64w9o2v .pt-cv-titlesm a { font-weight: 600;font-size: 18px; }#pt-cv-view-h64w9o2v .pt-cv-content { font-size: 15px; }#pt-cv-view-h64w9o2v .pt-cv-rmwrap {  }#pt-cv-view-h64w9o2v .pt-cv-readmore { color: #fff;background-color: #0075ff;font-size: 14px; }#pt-cv-view-h64w9o2v .pt-cv-taxoterm {  }#pt-cv-view-h64w9o2v .pt-cv-taxoterm * { color: #222;background-color: #fff6f6;font-size: 14px; }#pt-cv-view-h64w9o2v + .pt-cv-pagination-wrapper {  }#pt-cv-view-h64w9o2v + .pt-cv-pagination-wrapper a { font-size: 14px; }#pt-cv-view-h64w9o2v > .pt-cv-page {grid-template-columns: repeat(5, 1fr);grid-gap: 10px;}\n@media all and (max-width: 1024px) { \n#pt-cv-view-h64w9o2v > .pt-cv-page {grid-template-columns: repeat(3, 1fr);}\n} \n@media all and (max-width: 767px) { \n#pt-cv-view-h64w9o2v > .pt-cv-page {grid-template-columns: repeat(2, 1fr);}\n} <\/style><\/div><\/div><\/div>\n\n\n\n<div class=\"wp-block-kadence-pane kt-accordion-pane kt-accordion-pane-3 kt-pane2778_e5a748-e0\"><div class=\"kt-accordion-header-wrap\"><button class=\"kt-blocks-accordion-header kt-acccordion-button-label-show\" type=\"button\"><span class=\"kt-blocks-accordion-title-wrap\"><span class=\"kt-blocks-accordion-title\">2024<\/span><\/span><span class=\"kt-blocks-accordion-icon-trigger\"><\/span><\/button><\/div><div class=\"kt-accordion-panel kt-accordion-panel-hidden\"><div class=\"kt-accordion-panel-inner\"><div class='pt-cv-wrapper'> <div class=\"pt-cv-view pt-cv-blockgrid iscvblock iscvreal grid1 layout1\" id=\"pt-cv-view-xgxlchui\"><div data-id=\"pt-cv-page-1\" class=\"pt-cv-page\" data-cvc=\"5\"><div class=\" pt-cv-content-item pt-cv-1-col\" ><div class=\"pt-cv-thumb-wrapper  \"><a href=\"https:\/\/munsterjazz.fr\/index.php\/2025\/02\/09\/the-blaquettes\/\" class=\"_self pt-cv-href-thumbnail pt-cv-thumb-default\" target=\"_self\" ><img loading=\"lazy\" decoding=\"async\" width=\"768\" height=\"445\" src=\"https:\/\/munsterjazz.fr\/wp-content\/uploads\/2025\/02\/the-blakettes-lg-768x445.jpg\" class=\"pt-cv-thumbnail\" alt=\"\" \/><\/a><\/div>\n<h4 class=\"pt-cv-title\"><a href=\"https:\/\/munsterjazz.fr\/index.php\/2025\/02\/09\/the-blaquettes\/\" class=\"_self\" target=\"_self\" >The Blaquettes<\/a><\/h4>\n<div class=\"pt-cv-content\">\u00ab The Art Blakey Women\u2019s Band \u00bb est un groupe de jazz Bebop Hardbop, cr\u00e9\u00e9 par quatre femmes \u00e9perdument mordues &#8230;<\/div>\n<div class=\"pt-cv-rmwrap\"><a href=\"https:\/\/munsterjazz.fr\/index.php\/2025\/02\/09\/the-blaquettes\/\" class=\"_self pt-cv-readmore btn btn-success\" target=\"_self\" >Lire la suite<\/a><\/div><\/div>\n<div class=\" pt-cv-content-item pt-cv-1-col\" ><div class=\"pt-cv-thumb-wrapper  \"><a href=\"https:\/\/munsterjazz.fr\/index.php\/2025\/02\/09\/garance-quartet\/\" class=\"_self pt-cv-href-thumbnail pt-cv-thumb-default\" target=\"_self\" ><img loading=\"lazy\" decoding=\"async\" width=\"768\" height=\"445\" src=\"https:\/\/munsterjazz.fr\/wp-content\/uploads\/2025\/02\/Garance-4tet-768x445.jpg\" class=\"pt-cv-thumbnail\" alt=\"\" \/><\/a><\/div>\n<h4 class=\"pt-cv-title\"><a href=\"https:\/\/munsterjazz.fr\/index.php\/2025\/02\/09\/garance-quartet\/\" class=\"_self\" target=\"_self\" >Garance quartet<\/a><\/h4>\n<div class=\"pt-cv-content\">Garance 4tet est un quartet compos\u00e9 de Gr\u00e9gory Schneider, guitariste bebop, habit\u00e9 par l\u2019\u00e9nergie du swing, de Louise Garance, chanteuse &#8230;<\/div>\n<div class=\"pt-cv-rmwrap\"><a href=\"https:\/\/munsterjazz.fr\/index.php\/2025\/02\/09\/garance-quartet\/\" class=\"_self pt-cv-readmore btn btn-success\" target=\"_self\" >Lire la suite<\/a><\/div><\/div>\n<div class=\" pt-cv-content-item pt-cv-1-col\" ><div class=\"pt-cv-thumb-wrapper  \"><a href=\"https:\/\/munsterjazz.fr\/index.php\/2025\/02\/09\/hugo-diaz\/\" class=\"_self pt-cv-href-thumbnail pt-cv-thumb-default\" target=\"_self\" ><img loading=\"lazy\" decoding=\"async\" width=\"768\" height=\"445\" src=\"https:\/\/munsterjazz.fr\/wp-content\/uploads\/2025\/02\/HugoDiazQuartet-768x445.jpeg\" class=\"pt-cv-thumbnail\" alt=\"\" \/><\/a><\/div>\n<h4 class=\"pt-cv-title\"><a href=\"https:\/\/munsterjazz.fr\/index.php\/2025\/02\/09\/hugo-diaz\/\" class=\"_self\" target=\"_self\" >Hugo Diaz<\/a><\/h4>\n<div class=\"pt-cv-content\">Le Hugo Diaz quartet sort au Printemps son premier CD.Hugo Diaz &#8211; Saxophone soprano. Alexandre Cahen \u2013 piano. Vladimir Torres &#8230;<\/div>\n<div class=\"pt-cv-rmwrap\"><a href=\"https:\/\/munsterjazz.fr\/index.php\/2025\/02\/09\/hugo-diaz\/\" class=\"_self pt-cv-readmore btn btn-success\" target=\"_self\" >Lire la suite<\/a><\/div><\/div>\n<div class=\" pt-cv-content-item pt-cv-1-col\" ><div class=\"pt-cv-thumb-wrapper  \"><a href=\"https:\/\/munsterjazz.fr\/index.php\/2025\/02\/09\/autour-de-minuit\/\" class=\"_self pt-cv-href-thumbnail pt-cv-thumb-default\" target=\"_self\" ><img decoding=\"async\" src=\"https:\/\/munsterjazz.fr\/wp-content\/plugins\/content-views-query-and-display-post-page\/public\/assets\/images\/default_image.png\" class=\"pt-cv-thumbnail cv-default-img\" alt=\"Autour de minuit\" title=\"\" \/><\/a><\/div>\n<h4 class=\"pt-cv-title\"><a href=\"https:\/\/munsterjazz.fr\/index.php\/2025\/02\/09\/autour-de-minuit\/\" class=\"_self\" target=\"_self\" >Autour de minuit<\/a><\/h4>\n<div class=\"pt-cv-content\">Autour de minuit (Round Midnight) est un film am\u00e9ricano-fran\u00e7ais de Bertrand Tavernier, sorti en 1986. Il a \u00e9t\u00e9 r\u00e9compens\u00e9 par &#8230;<\/div>\n<div class=\"pt-cv-rmwrap\"><a href=\"https:\/\/munsterjazz.fr\/index.php\/2025\/02\/09\/autour-de-minuit\/\" class=\"_self pt-cv-readmore btn btn-success\" target=\"_self\" >Lire la suite<\/a><\/div><\/div>\n<div class=\" pt-cv-content-item pt-cv-1-col\" ><div class=\"pt-cv-thumb-wrapper  \"><a href=\"https:\/\/munsterjazz.fr\/index.php\/2025\/02\/09\/hommage-au-vibrationniste-michel-hausser\/\" class=\"_self pt-cv-href-thumbnail pt-cv-thumb-default\" target=\"_self\" ><img loading=\"lazy\" decoding=\"async\" width=\"768\" height=\"445\" src=\"https:\/\/munsterjazz.fr\/wp-content\/uploads\/2025\/02\/Photo-Orchestre-Hommage-Michel-Hausser-1-768x445.jpg\" class=\"pt-cv-thumbnail\" alt=\"\" \/><\/a><\/div>\n<h4 class=\"pt-cv-title\"><a href=\"https:\/\/munsterjazz.fr\/index.php\/2025\/02\/09\/hommage-au-vibrationniste-michel-hausser\/\" class=\"_self\" target=\"_self\" >Hommage au vibrationniste Michel Hausser<\/a><\/h4>\n<div class=\"pt-cv-content\">C\u2019est le bassiste WERNER BRUM, fid\u00e8le compagnon de route musical et ami de MICHEL HAUSSER depuis plus de 50 ans &#8230;<\/div>\n<div class=\"pt-cv-rmwrap\"><a href=\"https:\/\/munsterjazz.fr\/index.php\/2025\/02\/09\/hommage-au-vibrationniste-michel-hausser\/\" class=\"_self pt-cv-readmore btn btn-success\" target=\"_self\" >Lire la suite<\/a><\/div><\/div>\n<div class=\" pt-cv-content-item pt-cv-1-col\" ><div class=\"pt-cv-thumb-wrapper  \"><a href=\"https:\/\/munsterjazz.fr\/index.php\/2025\/02\/09\/cactus-quartet\/\" class=\"_self pt-cv-href-thumbnail pt-cv-thumb-default\" target=\"_self\" ><img loading=\"lazy\" decoding=\"async\" width=\"768\" height=\"445\" src=\"https:\/\/munsterjazz.fr\/wp-content\/uploads\/2025\/02\/CACTUS-QUARTET-768x445.jpg\" class=\"pt-cv-thumbnail\" alt=\"\" \/><\/a><\/div>\n<h4 class=\"pt-cv-title\"><a href=\"https:\/\/munsterjazz.fr\/index.php\/2025\/02\/09\/cactus-quartet\/\" class=\"_self\" target=\"_self\" >Laur\u00e9at du tremplin: Cactus quartet<\/a><\/h4>\n<div class=\"pt-cv-content\">Il y a une contrebasse, une batterie, \u00e7a swingue et \u00e7a improvise mais ce n\u2019est pas du jazz. Il y &#8230;<\/div>\n<div class=\"pt-cv-rmwrap\"><a href=\"https:\/\/munsterjazz.fr\/index.php\/2025\/02\/09\/cactus-quartet\/\" class=\"_self pt-cv-readmore btn btn-success\" target=\"_self\" >Lire la suite<\/a><\/div><\/div><\/div><\/div> <\/div> <style>\n\n#pt-cv-view-xgxlchui .pt-cv-meta-fields {  }#pt-cv-view-xgxlchui .pt-cv-meta-fields * { font-size: 13px; }#pt-cv-view-xgxlchui .pt-cv-thumb-wrapper:not(.miniwrap) {  }#pt-cv-view-xgxlchui .pt-cv-thumbnail:not(.pt-cv-thumbnailsm) { height: 250px; }#pt-cv-view-xgxlchui .pt-cv-title a { display: block; }#pt-cv-view-xgxlchui .pt-cv-title:not(.pt-cv-titlesm) a { font-weight: 600;text-decoration: none;font-size: 20px; }#pt-cv-view-xgxlchui .pt-cv-titlesm a { font-weight: 600;font-size: 18px; }#pt-cv-view-xgxlchui .pt-cv-content { font-size: 15px; }#pt-cv-view-xgxlchui .pt-cv-rmwrap {  }#pt-cv-view-xgxlchui .pt-cv-readmore { color: #fff;background-color: #0075ff;font-size: 14px; }#pt-cv-view-xgxlchui .pt-cv-taxoterm {  }#pt-cv-view-xgxlchui .pt-cv-taxoterm * { color: #222;background-color: #fff6f6;font-size: 14px; }#pt-cv-view-xgxlchui + .pt-cv-pagination-wrapper {  }#pt-cv-view-xgxlchui + .pt-cv-pagination-wrapper a { font-size: 14px; }#pt-cv-view-xgxlchui > .pt-cv-page {grid-template-columns: repeat(5, 1fr);grid-gap: 10px;}\n@media all and (max-width: 1024px) { \n#pt-cv-view-xgxlchui > .pt-cv-page {grid-template-columns: repeat(3, 1fr);}\n} \n@media all and (max-width: 767px) { \n#pt-cv-view-xgxlchui > .pt-cv-page {grid-template-columns: repeat(2, 1fr);}\n} <\/style><\/div><\/div><\/div>\n<\/div><\/div><\/div>\n","protected":false},"excerpt":{"rendered":"<p>Programmation 2026 *tarifs r\u00e9duits : \u00e9tudiants, intermittents du spectacle, titulaires de la carte mobilit\u00e9 inclusion et accompagnant, demandeurs d\u2019emploi et b\u00e9n\u00e9ficiaires du RSA. Ann\u00e9es ant\u00e9rieures<\/p>\n","protected":false},"author":2,"featured_media":0,"parent":0,"menu_order":0,"comment_status":"closed","ping_status":"closed","template":"","meta":{"inline_featured_image":false,"editor_plus_copied_stylings":"{}","footnotes":""},"class_list":["post-2778","page","type-page","status-publish","hentry"],"_links":{"self":[{"href":"https:\/\/munsterjazz.fr\/index.php\/wp-json\/wp\/v2\/pages\/2778","targetHints":{"allow":["GET"]}}],"collection":[{"href":"https:\/\/munsterjazz.fr\/index.php\/wp-json\/wp\/v2\/pages"}],"about":[{"href":"https:\/\/munsterjazz.fr\/index.php\/wp-json\/wp\/v2\/types\/page"}],"author":[{"embeddable":true,"href":"https:\/\/munsterjazz.fr\/index.php\/wp-json\/wp\/v2\/users\/2"}],"replies":[{"embeddable":true,"href":"https:\/\/munsterjazz.fr\/index.php\/wp-json\/wp\/v2\/comments?post=2778"}],"version-history":[{"count":89,"href":"https:\/\/munsterjazz.fr\/index.php\/wp-json\/wp\/v2\/pages\/2778\/revisions"}],"predecessor-version":[{"id":5776,"href":"https:\/\/munsterjazz.fr\/index.php\/wp-json\/wp\/v2\/pages\/2778\/revisions\/5776"}],"wp:attachment":[{"href":"https:\/\/munsterjazz.fr\/index.php\/wp-json\/wp\/v2\/media?parent=2778"}],"curies":[{"name":"wp","href":"https:\/\/api.w.org\/{rel}","templated":true}]}}